{"version":"1.0","provider_name":"Centre Beno\u00eet Frachon","provider_url":"https:\/\/cbf.cgt.fr","author_name":"Anne-Marie GUERRERO","author_url":"https:\/\/cbf.cgt.fr\/index.php\/author\/am-guerrero\/","title":"Mardi 01\/09 C'est Cin\u00e9ma ! - Centre Beno\u00eet Frachon","type":"rich","width":600,"height":338,"html":"<blockquote class=\"wp-embedded-content\" data-secret=\"kGCGwMjez7\"><a href=\"https:\/\/cbf.cgt.fr\/index.php\/2026\/08\/30\/mardi-01-09-cest-cinema\/\">Mardi 01\/09 C&rsquo;est Cin\u00e9ma !<\/a><\/blockquote><iframe sandbox=\"allow-scripts\" security=\"restricted\" src=\"https:\/\/cbf.cgt.fr\/index.php\/2026\/08\/30\/mardi-01-09-cest-cinema\/embed\/#?secret=kGCGwMjez7\" width=\"600\" height=\"338\" title=\"\u00ab\u00a0Mardi 01\/09 C&rsquo;est Cin\u00e9ma !\u00a0\u00bb &#8212; Centre Beno\u00eet Frachon\" data-secret=\"kGCGwMjez7\" frameborder=\"0\" marginwidth=\"0\" marginheight=\"0\" scrolling=\"no\" class=\"wp-embedded-content\"><\/iframe><script>\n\/*! This file is auto-generated *\/\n!function(d,l){\"use strict\";l.querySelector&&d.addEventListener&&\"undefined\"!=typeof URL&&(d.wp=d.wp||{},d.wp.receiveEmbedMessage||(d.wp.receiveEmbedMessage=function(e){var t=e.data;if((t||t.secret||t.message||t.value)&&!\/[^a-zA-Z0-9]\/.test(t.secret)){for(var s,r,n,a=l.querySelectorAll('iframe[data-secret=\"'+t.secret+'\"]'),o=l.querySelectorAll('blockquote[data-secret=\"'+t.secret+'\"]'),c=new RegExp(\"^https?:$\",\"i\"),i=0;i<o.length;i++)o[i].style.display=\"none\";for(i=0;i<a.length;i++)s=a[i],e.source===s.contentWindow&&(s.removeAttribute(\"style\"),\"height\"===t.message?(1e3<(r=parseInt(t.value,10))?r=1e3:~~r<200&&(r=200),s.height=r):\"link\"===t.message&&(r=new URL(s.getAttribute(\"src\")),n=new URL(t.value),c.test(n.protocol))&&n.host===r.host&&l.activeElement===s&&(d.top.location.href=t.value))}},d.addEventListener(\"message\",d.wp.receiveEmbedMessage,!1),l.addEventListener(\"DOMContentLoaded\",function(){for(var e,t,s=l.querySelectorAll(\"iframe.wp-embedded-content\"),r=0;r<s.length;r++)(t=(e=s[r]).getAttribute(\"data-secret\"))||(t=Math.random().toString(36).substring(2,12),e.src+=\"#?secret=\"+t,e.setAttribute(\"data-secret\",t)),e.contentWindow.postMessage({message:\"ready\",secret:t},\"*\")},!1)))}(window,document);\n\/\/# sourceURL=https:\/\/cbf.cgt.fr\/wp-includes\/js\/wp-embed.min.js\n<\/script>\n","thumbnail_url":"https:\/\/cbf.cgt.fr\/wp-content\/uploads\/2026\/08\/film-01-sept-26.png","thumbnail_width":718,"thumbnail_height":491,"description":"Marianne Winckler, \u00e9crivaine reconnue, entreprend un livre sur le travail pr\u00e9caire. Elle s\u2019installe pr\u00e8s de Caen et, sans r\u00e9v\u00e9ler son identit\u00e9, rejoint une \u00e9quipe de femmes de m\u00e9nage. Confront\u00e9e \u00e0 la fragilit\u00e9 \u00e9conomique et \u00e0 l\u2019invisibilit\u00e9 sociale, elle d\u00e9couvre aussi l\u2019entraide et la solidarit\u00e9 qui unissent ces travailleuses de l\u2019ombre. De : Emmanuel Carr\u00e8reAvec :&hellip;&nbsp;Lire la suite &raquo;"}